{"id":347,"date":"2018-01-12T23:37:01","date_gmt":"2018-01-12T22:37:01","guid":{"rendered":"http:\/\/manufaktura.interapp.pl\/?page_id=347"},"modified":"2026-02-11T10:25:13","modified_gmt":"2026-02-11T09:25:13","slug":"szamanka","status":"publish","type":"page","link":"https:\/\/wroclawskamanufaktura.pl\/index.php\/szamanka\/","title":{"rendered":"Agnieszka Sanecka-D\u0105browska"},"content":{"rendered":"\n<p>Hej, mam na imi\u0119 Agnieszka!<\/p>\n\n\n\n<p>Wybra\u0142am m\u00f3j zaw\u00f3d z bardzo banalnego powodu \u2013 ch\u0119ci pomagania innym i fascynacji cia\u0142em<br>ludzkim.<\/p>\n\n\n\n<p>Moje \u017cycie od zawsze po\u0142\u0105czone by\u0142o ze sportem, aktywnym trybem \u017cycia i zdrowiem czerpanym z natury. Ci\u0119\u017ckie treningi nauczy\u0142y mnie szacunku do cia\u0142a ale tak\u017ce tego, \u017ce najmniejszy dyskomfort b\u00f3lowy potrafi zmniejszy\u0107 nasze wyniki w sporcie i utrudni\u0107 \u017cycie codzienne. Obecne czasy s\u0105 stresuj\u0105ce i trudne dla wszystkich ludzi niezale\u017cnie od p\u0142ci i wieku dlatego postanowi\u0142am pomaga\u0107 ka\u017cdemu, kto chce pozby\u0107 si\u0119 swojego problemu. Moja praca nauczy\u0142a mnie, \u017ce ka\u017cdy cz\u0142owiek jest inny i wymaga indywidualnego podej\u015bcia zar\u00f3wno w stosowanej terapii, jak i kontakcie osobistym.<br>Traktuje cia\u0142o jako pole integracji tego co w nas i dooko\u0142a nas, tego co dzia\u0142a na nas z zewn\u0105trz, ale i naszych wewn\u0119trznych prze\u017cy\u0107 i emocji. Jestem zwolennikiem metody scalenia obu tych \u015bwiat\u00f3w, by w uwa\u017cno\u015bci dostrzec to co nam nie s\u0142u\u017cy i jak mo\u017cemy doprowadzi\u0107 do samouleczenia. Moj\u0105 dewiz\u0105 jest globalne podej\u015bcie do problemu. W pracy z cz\u0142owiekiem wykorzystuje r\u00f3\u017cne metody zar\u00f3wno te z zakresu fizjoterapii, naturoterapii i bioenergoterapii tak\u017ce z wykorzystaniem terapii czaszkowo-krzy\u017cowej i osteopatii biodynamicznej. Bardzo du\u017co czasu po\u015bwi\u0119cam pracy z oddechem z g\u0142\u0119bokim wgl\u0105dem w cia\u0142o i jego energetyk\u0119. Za swoj\u0105 najwi\u0119ksz\u0105 moc uwa\u017cam wysoki poziom empatii, kt\u00f3ry s\u0142u\u017cy mi jako narz\u0119dzie do poznania zjawisk i odczu\u0107 u drugiego cz\u0142owieka.<\/p>\n\n\n\n<a id=\"zl-url\" class=\"zl-url\" href=\"https:\/\/www.znanylekarz.pl\/agnieszka-sanecka-dabrowska\/fizjoterapeuta\/wroclaw\" rel=\"nofollow\" data-zlw-doctor=\"agnieszka-sanecka-dabrowska\" data-zlw-type=\"big_with_calendar\" data-zlw-opinion=\"false\" data-zlw-hide-branding=\"true\" data-zlw-saas-only=\"true\" data-zlw-a11y-title=\"Widget um\u00f3wienia wizyty lekarskiej\">Agnieszka Sanecka-D\u0105browska &#8211; ZnanyLekarz.pl<\/a><script>!function($_x,_s,id){var js,fjs=$_x.getElementsByTagName(_s)[0];if(!$_x.getElementById(id)){js = $_x.createElement(_s);js.id = id;js.src = \"\/\/platform.docplanner.com\/js\/widget.js\";fjs.parentNode.insertBefore(js,fjs);}}(document,\"script\",\"zl-widget-s\");<\/script>\n\n\n\n<p><\/p>\n","protected":false},"excerpt":{"rendered":"<p>Hej, mam na imi\u0119 Agnieszka! Wybra\u0142am m\u00f3j zaw\u00f3d z bardzo banalnego powodu \u2013 ch\u0119ci pomagania innym i fascynacji cia\u0142emludzkim. Moje \u017cycie od zawsze po\u0142\u0105czone by\u0142o ze sportem, aktywnym trybem \u017cycia i zdrowiem czerpanym z natury. Ci\u0119\u017ckie treningi nauczy\u0142y mnie szacunku [&hellip;]<\/p>\n","protected":false},"author":1,"featured_media":910,"parent":0,"menu_order":1,"comment_status":"closed","ping_status":"closed","template":"page-templates\/single-employee.php","meta":{"om_disable_all_campaigns":false,"_monsterinsights_skip_tracking":false,"_monsterinsights_sitenote_active":false,"_monsterinsights_sitenote_note":"","_monsterinsights_sitenote_category":0,"_uf_show_specific_survey":0,"_uf_disable_surveys":false,"footnotes":""},"class_list":["post-347","page","type-page","status-publish","has-post-thumbnail","hentry","clearfix"],"aioseo_notices":[],"_links":{"self":[{"href":"https:\/\/wroclawskamanufaktura.pl\/index.php\/wp-json\/wp\/v2\/pages\/347","targetHints":{"allow":["GET"]}}],"collection":[{"href":"https:\/\/wroclawskamanufaktura.pl\/index.php\/wp-json\/wp\/v2\/pages"}],"about":[{"href":"https:\/\/wroclawskamanufaktura.pl\/index.php\/wp-json\/wp\/v2\/types\/page"}],"author":[{"embeddable":true,"href":"https:\/\/wroclawskamanufaktura.pl\/index.php\/wp-json\/wp\/v2\/users\/1"}],"replies":[{"embeddable":true,"href":"https:\/\/wroclawskamanufaktura.pl\/index.php\/wp-json\/wp\/v2\/comments?post=347"}],"version-history":[{"count":22,"href":"https:\/\/wroclawskamanufaktura.pl\/index.php\/wp-json\/wp\/v2\/pages\/347\/revisions"}],"predecessor-version":[{"id":1141,"href":"https:\/\/wroclawskamanufaktura.pl\/index.php\/wp-json\/wp\/v2\/pages\/347\/revisions\/1141"}],"wp:featuredmedia":[{"embeddable":true,"href":"https:\/\/wroclawskamanufaktura.pl\/index.php\/wp-json\/wp\/v2\/media\/910"}],"wp:attachment":[{"href":"https:\/\/wroclawskamanufaktura.pl\/index.php\/wp-json\/wp\/v2\/media?parent=347"}],"curies":[{"name":"wp","href":"https:\/\/api.w.org\/{rel}","templated":true}]}}